{"id":1015,"date":"2015-06-14T10:37:14","date_gmt":"2015-06-14T10:37:14","guid":{"rendered":"http:\/\/parqueminiaturasvillasudores.com\/?page_id=1015"},"modified":"2025-11-09T11:43:00","modified_gmt":"2025-11-09T11:43:00","slug":"noticias","status":"publish","type":"page","link":"https:\/\/parqueminiaturasvillasudores.com\/?page_id=1015","title":{"rendered":"Noticias"},"content":{"rendered":"<div id=\"pl-1015\"  class=\"panel-layout\" ><div id=\"pg-1015-0\"  class=\"panel-grid panel-no-style\" ><div id=\"pgc-1015-0-0\"  class=\"panel-grid-cell\" ><div id=\"panel-1015-0-0-0\" class=\"so-panel widget widget_sow-image panel-first-child\" data-index=\"0\" ><div\n\t\t\t\n\t\t\tclass=\"so-widget-sow-image so-widget-sow-image-default-4e6925654b7a-1015\"\n\t\t\t\n\t\t>\n<div class=\"sow-image-container\">\n\t\t\t<a href=\"https:\/\/www.granadahoy.com\/vivir\/villasudores-finca-patio-leones-parque_0_2005082293.html\"\n\t\t\ttarget=\"_blank\" rel=\"noopener noreferrer\" \t\t>\n\t\t\t<img \n\tsrc=\"https:\/\/parqueminiaturasvillasudores.com\/wp-content\/uploads\/2025\/11\/granadahoy.png\" width=\"170\" height=\"167\" sizes=\"(max-width: 170px) 100vw, 170px\" title=\"Granada Hoy\" alt=\"Granada hoy\" \t\tclass=\"so-widget-image\"\/>\n\t\t\t<\/a><\/div>\n\n<\/div><\/div><div id=\"panel-1015-0-0-1\" class=\"so-panel widget widget_sow-image\" data-index=\"1\" ><div\n\t\t\t\n\t\t\tclass=\"so-widget-sow-image so-widget-sow-image-default-6ec9e3772f75-1015\"\n\t\t\t\n\t\t>\n<div class=\"sow-image-container\">\n\t\t\t<a href=\"https:\/\/www.huelvainformacion.es\/destino-huelva\/andalucia-parque-tematico-miniatura_0_2004503674.html\"\n\t\t\ttarget=\"_blank\" rel=\"noopener noreferrer\" \t\t>\n\t\t\t<img \n\tsrc=\"https:\/\/parqueminiaturasvillasudores.com\/wp-content\/uploads\/2024\/06\/huelvainfo.png\" width=\"216\" height=\"202\" sizes=\"(max-width: 216px) 100vw, 216px\" title=\"Huelva Informaci\u00f3n\" alt=\"huelva informaci\u00f3n\" \t\tclass=\"so-widget-image\"\/>\n\t\t\t<\/a><\/div>\n\n<\/div><\/div><div id=\"panel-1015-0-0-2\" class=\"so-panel widget widget_sow-image\" data-index=\"2\" ><div\n\t\t\t\n\t\t\tclass=\"so-widget-sow-image so-widget-sow-image-default-6ec9e3772f75-1015\"\n\t\t\t\n\t\t>\n<div class=\"sow-image-container\">\n\t\t\t<a href=\"http:\/\/parqueminiaturasvillasudores.com\/wp-content\/uploads\/2024\/07\/3dejulio.mp4\"\n\t\t\ttarget=\"_blank\" rel=\"noopener noreferrer\" \t\t>\n\t\t\t<img \n\tsrc=\"https:\/\/parqueminiaturasvillasudores.com\/wp-content\/uploads\/2015\/05\/Andalucia-Directo.jpg\" width=\"250\" height=\"100\" sizes=\"(max-width: 250px) 100vw, 250px\" title=\"Andaluc\u00eda Directo vuelve a Villasudores 2024\" alt=\"Andaluc\u00eda Directo\" \t\tclass=\"so-widget-image\"\/>\n\t\t\t<\/a><\/div>\n\n<\/div><\/div><div id=\"panel-1015-0-0-3\" class=\"so-panel widget widget_sow-image panel-last-child\" data-index=\"3\" ><div\n\t\t\t\n\t\t\tclass=\"so-widget-sow-image so-widget-sow-image-default-6ec9e3772f75-1015\"\n\t\t\t\n\t\t>\n<div class=\"sow-image-container\">\n\t\t\t<a href=\"https:\/\/www.huelvainformacion.es\/destino-huelva\/Alhambra-Giralda-Huelva-Descubre-tematico_3_1907839215.html\"\n\t\t\ttarget=\"_blank\" rel=\"noopener noreferrer\" \t\t>\n\t\t\t<img \n\tsrc=\"https:\/\/parqueminiaturasvillasudores.com\/wp-content\/uploads\/2024\/06\/huelvainfo.png\" width=\"216\" height=\"202\" sizes=\"(max-width: 216px) 100vw, 216px\" title=\"Huelva Informaci\u00f3n\" alt=\"huelva informaci\u00f3n\" \t\tclass=\"so-widget-image\"\/>\n\t\t\t<\/a><\/div>\n\n<\/div><\/div><\/div><div id=\"pgc-1015-0-1\"  class=\"panel-grid-cell\" ><div id=\"panel-1015-0-1-0\" class=\"so-panel widget widget_text panel-first-child\" data-index=\"4\" >\t\t\t<div class=\"textwidget\"><p>Granada Hoy, peri\u00f3dico digital de la provincia de Granada ha publicado un reportage sobre Villasudores el 24 de octubre del 2025, pod\u00e9\u00eds leerlo en este enlace. Gracias Granada Hoy.<\/p>\n<\/div>\n\t\t<\/div><div id=\"panel-1015-0-1-1\" class=\"so-panel widget widget_text\" data-index=\"5\" >\t\t\t<div class=\"textwidget\"><p>&nbsp;<\/p>\n<p>Huelva Informaci\u00f3n vuelve sacar el Parque Miniaturas Villasudores\u00a0 en este mes de Agosto del 2025, reportaje de Maria Prieto Garcia. Gracias<\/p>\n<\/div>\n\t\t<\/div><div id=\"panel-1015-0-1-2\" class=\"so-panel widget widget_text\" data-index=\"6\" >\t\t\t<div class=\"textwidget\"><p>&nbsp;<\/p>\n<p>El pasado mi\u00e9rcoles, 3 de Julio del 2024, nos visito Lorena, reportera del programa Andaluc\u00eda Directo. Aqu\u00ed pod\u00e9is ver el reportaje completo.<\/p>\n<\/div>\n\t\t<\/div><div id=\"panel-1015-0-1-3\" class=\"so-panel widget widget_text panel-last-child\" data-index=\"7\" >\t\t\t<div class=\"textwidget\"><p>Huelva Informaci\u00f3n vuelve sacar el Parque Miniaturas Villasudores\u00a0 en este mes de Junio del 2024, reportaje de Maria Prieto Garcia. Gracias<\/p>\n<\/div>\n\t\t<\/div><\/div><\/div><div id=\"pg-1015-1\"  class=\"panel-grid panel-no-style\" ><div id=\"pgc-1015-1-0\"  class=\"panel-grid-cell\" ><div id=\"panel-1015-1-0-0\" class=\"so-panel widget widget_sow-image panel-first-child panel-last-child\" data-index=\"8\" ><div\n\t\t\t\n\t\t\tclass=\"so-widget-sow-image so-widget-sow-image-default-15be6fc1a39e-1015\"\n\t\t\t\n\t\t>\n<div class=\"sow-image-container\">\n\t\t\t<a href=\"https:\/\/www.20minutos.es\/viajes\/destinos\/villasudores-recorre-andalucia-miniatura-4791280\/\"\n\t\t\ttarget=\"_blank\" rel=\"noopener noreferrer\" \t\t>\n\t\t\t<img \n\tsrc=\"https:\/\/parqueminiaturasvillasudores.com\/wp-content\/uploads\/2021\/08\/imagen-20minutos-150x150.png\" width=\"150\" height=\"150\" srcset=\"https:\/\/parqueminiaturasvillasudores.com\/wp-content\/uploads\/2021\/08\/imagen-20minutos-150x150.png 150w, https:\/\/parqueminiaturasvillasudores.com\/wp-content\/uploads\/2021\/08\/imagen-20minutos.png 225w\" sizes=\"(max-width: 150px) 100vw, 150px\" title=\"20 minutos\" alt=\"20 minutos\" \t\tclass=\"so-widget-image\"\/>\n\t\t\t<\/a><\/div>\n\n<\/div><\/div><\/div><div id=\"pgc-1015-1-1\"  class=\"panel-grid-cell\" ><div id=\"panel-1015-1-1-0\" class=\"so-panel widget widget_text panel-first-child panel-last-child\" data-index=\"9\" >\t\t\t<div class=\"textwidget\"><p>El peri\u00f3dico digital 20 minutos en su edici\u00f3n del pasado 18\/08\/2021, nos dedica un reportaje haci\u00e9ndose eco de la noticia de Telecinco. Gracias por al difusi\u00f3n .<\/p>\n<\/div>\n\t\t<\/div><\/div><\/div><div id=\"pg-1015-2\"  class=\"panel-grid panel-no-style\" ><div id=\"pgc-1015-2-0\"  class=\"panel-grid-cell\" ><div id=\"panel-1015-2-0-0\" class=\"so-panel widget widget_sow-image panel-first-child panel-last-child\" data-index=\"10\" ><div\n\t\t\t\n\t\t\tclass=\"so-widget-sow-image so-widget-sow-image-default-8b6c18ef9a0d-1015\"\n\t\t\t\n\t\t>\n<div class=\"sow-image-container\">\n\t\t\t<a href=\"http:\/\/parqueminiaturasvillasudores.com\/?attachment_id=1749\"\n\t\t\ttarget=\"_blank\" rel=\"noopener noreferrer\" \t\t>\n\t\t\t<img \n\tsrc=\"https:\/\/parqueminiaturasvillasudores.com\/wp-content\/uploads\/2015\/06\/Directo-telecincoes_MDSIMA20111027_0289_1.png\" width=\"259\" height=\"143\" sizes=\"(max-width: 259px) 100vw, 259px\" title=\"informativos telecinco\" alt=\"informativos telecinco\" \t\tclass=\"so-widget-image\"\/>\n\t\t\t<\/a><\/div>\n\n<\/div><\/div><\/div><div id=\"pgc-1015-2-1\"  class=\"panel-grid-cell\" ><div id=\"panel-1015-2-1-0\" class=\"so-panel widget widget_text panel-first-child panel-last-child\" data-index=\"11\" >\t\t\t<div class=\"textwidget\"><p>Los informativos Telecinco el pasado 11 de Agosto del 2021 visit\u00f3 Villasudores , el reportaje se emiti\u00f3 en su edici\u00f3n de la noche. Os dejamos el enlace para que pod\u00e1is verlo. Gracias Telecinco por haceros eco del Parque Miniaturas Villasudores.<\/p>\n<\/div>\n\t\t<\/div><\/div><\/div><div id=\"pg-1015-3\"  class=\"panel-grid panel-no-style\" ><div id=\"pgc-1015-3-0\"  class=\"panel-grid-cell\" ><div id=\"panel-1015-3-0-0\" class=\"so-panel widget widget_sow-image panel-first-child panel-last-child\" data-index=\"12\" ><div\n\t\t\t\n\t\t\tclass=\"so-widget-sow-image so-widget-sow-image-default-c87078a3c0d9-1015\"\n\t\t\t\n\t\t>\n<div class=\"sow-image-container\">\n\t\t\t<a href=\"https:\/\/www.canalsur.es\/multimedia.html?id=1734171&#038;jwsource=cl\"\n\t\t\ttarget=\"_blank\" rel=\"noopener noreferrer\" \t\t>\n\t\t\t<img \n\tsrc=\"https:\/\/parqueminiaturasvillasudores.com\/wp-content\/uploads\/2015\/05\/Andalucia-Directo.jpg\" width=\"250\" height=\"100\" sizes=\"(max-width: 250px) 100vw, 250px\" title=\"Andaluc\u00eda Directo 2018\" alt=\"Andaluc\u00eda Directo\" \t\tclass=\"so-widget-image\"\/>\n\t\t\t<\/a><\/div>\n\n<\/div><\/div><\/div><div id=\"pgc-1015-3-1\"  class=\"panel-grid-cell\" ><div id=\"panel-1015-3-1-0\" class=\"so-panel widget widget_text panel-first-child panel-last-child\" data-index=\"13\" >\t\t\t<div class=\"textwidget\"><p>En este mes\u00a0 de Julio del 2021, nos ha vuelto a visitar Andaluc\u00eda Directo, os dejamos el enlace para que pod\u00e1is verlo. En esta ocasi\u00f3n tambi\u00e9n aparecen la esposa de Juan , Isabel y su nieto, Juan. (A partir del minuto 01:11:10)<\/p>\n<p>&nbsp;<\/p>\n<\/div>\n\t\t<\/div><\/div><\/div><div id=\"pg-1015-4\"  class=\"panel-grid panel-no-style\" ><div id=\"pgc-1015-4-0\"  class=\"panel-grid-cell\" ><div id=\"panel-1015-4-0-0\" class=\"so-panel widget widget_sow-image panel-first-child panel-last-child\" data-index=\"14\" ><div\n\t\t\t\n\t\t\tclass=\"so-widget-sow-image so-widget-sow-image-default-8b5b6f678277-1015\"\n\t\t\t\n\t\t>\n<div class=\"sow-image-container\">\n\t\t\t<a href=\"https:\/\/www.canalsur.es\/multimedia.html?id=1724670&#038;jwsource=cl\"\n\t\t\ttarget=\"_blank\" rel=\"noopener noreferrer\" \t\t>\n\t\t\t<img \n\tsrc=\"https:\/\/parqueminiaturasvillasudores.com\/wp-content\/uploads\/2021\/08\/Repobladores.jpg\" width=\"297\" height=\"164\" sizes=\"(max-width: 297px) 100vw, 297px\" alt=\"los repobladores\" \t\tclass=\"so-widget-image\"\/>\n\t\t\t<\/a><\/div>\n\n<\/div><\/div><\/div><div id=\"pgc-1015-4-1\"  class=\"panel-grid-cell\" ><div id=\"panel-1015-4-1-0\" class=\"so-panel widget widget_text panel-first-child panel-last-child\" data-index=\"15\" >\t\t\t<div class=\"textwidget\"><p>En el mes de Junio del 2021, nos visito el programa Los Repobladores. Os dejamos el enlace donde pod\u00e9is verlo a partir del minuto 8:40, donde nos visita Francisco regalando un bote de su miel<\/p>\n<\/div>\n\t\t<\/div><\/div><\/div><div id=\"pg-1015-5\"  class=\"panel-grid panel-no-style\" ><div id=\"pgc-1015-5-0\"  class=\"panel-grid-cell\" ><div id=\"panel-1015-5-0-0\" class=\"so-panel widget widget_sow-image panel-first-child panel-last-child\" data-index=\"16\" ><div\n\t\t\t\n\t\t\tclass=\"so-widget-sow-image so-widget-sow-image-default-15be6fc1a39e-1015\"\n\t\t\t\n\t\t>\n<div class=\"sow-image-container\">\n\t\t\t<a href=\"https:\/\/youtu.be\/38OxK9EIOdU\"\n\t\t\t\t\t>\n\t\t\t<img \n\tsrc=\"https:\/\/parqueminiaturasvillasudores.com\/wp-content\/uploads\/2021\/04\/Las-Manos-del-Cielo.jpg\" width=\"358\" height=\"184\" srcset=\"https:\/\/parqueminiaturasvillasudores.com\/wp-content\/uploads\/2021\/04\/Las-Manos-del-Cielo.jpg 358w, https:\/\/parqueminiaturasvillasudores.com\/wp-content\/uploads\/2021\/04\/Las-Manos-del-Cielo-300x154.jpg 300w\" sizes=\"(max-width: 358px) 100vw, 358px\" title=\"Manos del Cielo\" alt=\"Manos del Cielo\" \t\tclass=\"so-widget-image\"\/>\n\t\t\t<\/a><\/div>\n\n<\/div><\/div><\/div><div id=\"pgc-1015-5-1\"  class=\"panel-grid-cell\" ><div id=\"panel-1015-5-1-0\" class=\"so-panel widget widget_text panel-first-child panel-last-child\" data-index=\"17\" >\t\t\t<div class=\"textwidget\"><p>En <strong>Abril del 2021<\/strong> ha visitado el <strong>Parque Miniaturas Villasudores<\/strong> Nicolas Capelo.\u00a0 Os dejamos el enlace para que puedan ver la entrevista realizada con el\u00a0 titulo<strong> &#8216;Las Manos del Cielo&#8217;<\/strong>\u00a0, tambi\u00e9n contiene secuencias de los monumentos con un dron. Gracias Nicolas<\/p>\n<\/div>\n\t\t<\/div><\/div><\/div><div id=\"pg-1015-6\"  class=\"panel-grid panel-no-style\" ><div id=\"pgc-1015-6-0\"  class=\"panel-grid-cell\" ><div id=\"panel-1015-6-0-0\" class=\"so-panel widget widget_sow-image panel-first-child panel-last-child\" data-index=\"18\" ><div\n\t\t\t\n\t\t\tclass=\"so-widget-sow-image so-widget-sow-image-default-15be6fc1a39e-1015\"\n\t\t\t\n\t\t>\n<div class=\"sow-image-container\">\n\t\t\t<a href=\"http:\/\/parqueminiaturasvillasudores.com\/wp-content\/uploads\/2019\/09\/VIDEO_VILLASUDORES.mp4\"\n\t\t\ttarget=\"_blank\" rel=\"noopener noreferrer\" \t\t>\n\t\t\t<img \n\tsrc=\"https:\/\/parqueminiaturasvillasudores.com\/wp-content\/uploads\/2019\/09\/Informativo-Territorial.png\" width=\"280\" height=\"191\" sizes=\"(max-width: 280px) 100vw, 280px\" title=\"Informativo Territorial\" alt=\"\" \t\tclass=\"so-widget-image\"\/>\n\t\t\t<\/a><\/div>\n\n<\/div><\/div><\/div><div id=\"pgc-1015-6-1\"  class=\"panel-grid-cell\" ><div id=\"panel-1015-6-1-0\" class=\"so-panel widget widget_text panel-first-child panel-last-child\" data-index=\"19\" >\t\t\t<div class=\"textwidget\"><p><strong>En Informativos Territoriales<\/strong> el pasado 5 de Agosto emitieron un reportaje sobre <strong>Parque Miniaturas Villasudores <\/strong>, os dejamos este enlace para que lo pod\u00e1is ver. Este reportaje es diferente ya que hace comparaciones con los monumentos originales mostrando las replicas y a continuaci\u00f3n las originales<\/p>\n<\/div>\n\t\t<\/div><\/div><\/div><div id=\"pg-1015-7\"  class=\"panel-grid panel-no-style\" ><div id=\"pgc-1015-7-0\"  class=\"panel-grid-cell\" ><div id=\"panel-1015-7-0-0\" class=\"so-panel widget widget_sow-image panel-first-child panel-last-child\" data-index=\"20\" ><div\n\t\t\t\n\t\t\tclass=\"so-widget-sow-image so-widget-sow-image-default-15be6fc1a39e-1015\"\n\t\t\t\n\t\t>\n<div class=\"sow-image-container\">\n\t\t\t<a href=\"https:\/\/www.youtube.com\/watch?v=izClAJDMVmU\"\n\t\t\ttarget=\"_blank\" rel=\"noopener noreferrer\" \t\t>\n\t\t\t<img \n\tsrc=\"https:\/\/parqueminiaturasvillasudores.com\/wp-content\/uploads\/2019\/03\/Avistade-dron.jpg\" width=\"225\" height=\"225\" srcset=\"https:\/\/parqueminiaturasvillasudores.com\/wp-content\/uploads\/2019\/03\/Avistade-dron.jpg 225w, https:\/\/parqueminiaturasvillasudores.com\/wp-content\/uploads\/2019\/03\/Avistade-dron-150x150.jpg 150w\" sizes=\"(max-width: 225px) 100vw, 225px\" title=\"A vista de Drone\" alt=\"A vista de Drone\" \t\tclass=\"so-widget-image\"\/>\n\t\t\t<\/a><\/div>\n\n<\/div><\/div><\/div><div id=\"pgc-1015-7-1\"  class=\"panel-grid-cell\" ><div id=\"panel-1015-7-1-0\" class=\"so-panel widget widget_text panel-first-child panel-last-child\" data-index=\"21\" >\t\t\t<div class=\"textwidget\"><p><strong>A vista de Drone Huelva<\/strong>, nos ha realizado un proyecto. Esta publicado en Youtube con el t\u00edtulo <strong>Museo en Miniaturas Villasudores Marzo 2019<\/strong>, os dejamos este enlace para que lo pod\u00e1is ver. Ademas hace un recorrido por el camino hasta llegar a villasudores.<\/p>\n<\/div>\n\t\t<\/div><\/div><\/div><div id=\"pg-1015-8\"  class=\"panel-grid panel-no-style\" ><div id=\"pgc-1015-8-0\"  class=\"panel-grid-cell\" ><div id=\"panel-1015-8-0-0\" class=\"so-panel widget widget_sow-image panel-first-child panel-last-child\" data-index=\"22\" ><div\n\t\t\t\n\t\t\tclass=\"so-widget-sow-image so-widget-sow-image-default-8b5b6f678277-1015\"\n\t\t\t\n\t\t>\n<div class=\"sow-image-container\">\n\t\t\t<a href=\"http:\/\/www.canalsur.es\/television\/programas\/andalucia-directo\/detalle\/33.html?video=1305907&#038;sec=\"\n\t\t\ttarget=\"_blank\" rel=\"noopener noreferrer\" \t\t>\n\t\t\t<img \n\tsrc=\"https:\/\/parqueminiaturasvillasudores.com\/wp-content\/uploads\/2015\/05\/Andalucia-Directo.jpg\" width=\"250\" height=\"100\" sizes=\"(max-width: 250px) 100vw, 250px\" title=\"Andaluc\u00eda Directo, 24 de julio 2018\" alt=\"Andaluc\u00eda Directo, 24 de julio 2018\" \t\tclass=\"so-widget-image\"\/>\n\t\t\t<\/a><\/div>\n\n<\/div><\/div><\/div><div id=\"pgc-1015-8-1\"  class=\"panel-grid-cell\" ><div id=\"panel-1015-8-1-0\" class=\"so-panel widget widget_text panel-first-child panel-last-child\" data-index=\"23\" >\t\t\t<div class=\"textwidget\">De nuevo Canal Sur visita Villasudores, desde el programa Andaluc\u00eda Directo no realiza una entrevista. Pod\u00e9is verla en este enlace, a partir del minuto 1:12:00 .<\/div>\n\t\t<\/div><\/div><\/div><div id=\"pg-1015-9\"  class=\"panel-grid panel-no-style\" ><div id=\"pgc-1015-9-0\"  class=\"panel-grid-cell\" ><div id=\"panel-1015-9-0-0\" class=\"so-panel widget widget_sow-image panel-first-child panel-last-child\" data-index=\"24\" ><div\n\t\t\t\n\t\t\tclass=\"so-widget-sow-image so-widget-sow-image-default-8b5b6f678277-1015\"\n\t\t\t\n\t\t>\n<div class=\"sow-image-container\">\n\t\t\t<a href=\"https:\/\/huelvacosta.com\/conoces-villasudores-esta-en-gibraleon-y-es-impresionante\/\"\n\t\t\ttarget=\"_blank\" rel=\"noopener noreferrer\" \t\t>\n\t\t\t<img \n\tsrc=\"https:\/\/parqueminiaturasvillasudores.com\/wp-content\/uploads\/2015\/06\/huelva-costa1.jpg\" width=\"275\" height=\"183\" srcset=\"https:\/\/parqueminiaturasvillasudores.com\/wp-content\/uploads\/2015\/06\/huelva-costa1.jpg 275w, https:\/\/parqueminiaturasvillasudores.com\/wp-content\/uploads\/2015\/06\/huelva-costa1-272x182.jpg 272w\" sizes=\"(max-width: 275px) 100vw, 275px\" title=\"Huelva Costa\" alt=\"Huelva Costa Gibrale\u00f3n\" \t\tclass=\"so-widget-image\"\/>\n\t\t\t<\/a><\/div>\n\n<\/div><\/div><\/div><div id=\"pgc-1015-9-1\"  class=\"panel-grid-cell\" ><div id=\"panel-1015-9-1-0\" class=\"so-panel widget widget_text panel-first-child panel-last-child\" data-index=\"25\" >\t\t\t<div class=\"textwidget\">\u2018Huelva Costa\u2018 , la agencia de noticias de la costa de Huelva  realiz\u00f3 esta entrevista en Villasudores el pasado 4 de Julio del 2018, con el titular : \u00bfConoces \"Villasudores\"? Est\u00e1 en Gibrale\u00f3n .Es Impresionante... Si no lo has visto, aqu\u00ed lo puedes ver.<\/div>\n\t\t<\/div><\/div><\/div><div id=\"pg-1015-10\"  class=\"panel-grid panel-no-style\" ><div id=\"pgc-1015-10-0\"  class=\"panel-grid-cell\" ><div id=\"panel-1015-10-0-0\" class=\"so-panel widget widget_sow-image panel-first-child panel-last-child\" data-index=\"26\" ><div\n\t\t\t\n\t\t\tclass=\"so-widget-sow-image so-widget-sow-image-default-8b5b6f678277-1015\"\n\t\t\t\n\t\t>\n<div class=\"sow-image-container\">\n\t\t\t<a href=\"http:\/\/parqueminiaturasvillasudores.com\/?attachment_id=1348\"\n\t\t\ttarget=\"_blank\" rel=\"noopener noreferrer\" \t\t>\n\t\t\t<img \n\tsrc=\"https:\/\/parqueminiaturasvillasudores.com\/wp-content\/uploads\/2016\/06\/villasudores2-300x185.jpg\" width=\"300\" height=\"185\" srcset=\"https:\/\/parqueminiaturasvillasudores.com\/wp-content\/uploads\/2016\/06\/villasudores2-300x185.jpg 300w, https:\/\/parqueminiaturasvillasudores.com\/wp-content\/uploads\/2016\/06\/villasudores2-850x526.jpg 850w, https:\/\/parqueminiaturasvillasudores.com\/wp-content\/uploads\/2016\/06\/villasudores2.jpg 1275w\" sizes=\"(max-width: 300px) 100vw, 300px\" title=\"Distribucion de los miniaturas por la finca\" alt=\"Distribucion de los miniaturas por la finca\" \t\tclass=\"so-widget-image\"\/>\n\t\t\t<\/a><\/div>\n\n<\/div><\/div><\/div><div id=\"pgc-1015-10-1\"  class=\"panel-grid-cell\" ><div id=\"panel-1015-10-1-0\" class=\"so-panel widget widget_text panel-first-child panel-last-child\" data-index=\"27\" >\t\t\t<div class=\"textwidget\">Gracias a nuestro amigo Francis Gallardo, os dejamos este mapa con la distribuci\u00f3n de las miniaturas dentro de Villasudores.\nTambi\u00e9n se puede ver en nuestro facebook parqueminiaturasvillasudores . Gracias Francis !!!!!<\/div>\n\t\t<\/div><\/div><\/div><div id=\"pg-1015-11\"  class=\"panel-grid panel-no-style\" ><div id=\"pgc-1015-11-0\"  class=\"panel-grid-cell\" ><div id=\"panel-1015-11-0-0\" class=\"so-panel widget widget_sow-image panel-first-child panel-last-child\" data-index=\"28\" ><div\n\t\t\t\n\t\t\tclass=\"so-widget-sow-image so-widget-sow-image-default-8b5b6f678277-1015\"\n\t\t\t\n\t\t>\n<div class=\"sow-image-container\">\n\t\t\t<a href=\"http:\/\/parqueminiaturasvillasudores.com\/?attachment_id=1353#main\"\n\t\t\ttarget=\"_blank\" rel=\"noopener noreferrer\" \t\t>\n\t\t\t<img \n\tsrc=\"https:\/\/parqueminiaturasvillasudores.com\/wp-content\/uploads\/2014\/04\/Mapa1-300x187.jpg\" width=\"300\" height=\"187\" srcset=\"https:\/\/parqueminiaturasvillasudores.com\/wp-content\/uploads\/2014\/04\/Mapa1-300x187.jpg 300w, https:\/\/parqueminiaturasvillasudores.com\/wp-content\/uploads\/2014\/04\/Mapa1-850x530.jpg 850w, https:\/\/parqueminiaturasvillasudores.com\/wp-content\/uploads\/2014\/04\/Mapa1.jpg 1274w\" sizes=\"(max-width: 300px) 100vw, 300px\" title=\"Mapa 1\" alt=\"Mapa de como llegar a Villasudores\" \t\tclass=\"so-widget-image\"\/>\n\t\t\t<\/a><\/div>\n\n<\/div><\/div><\/div><div id=\"pgc-1015-11-1\"  class=\"panel-grid-cell\" ><div id=\"panel-1015-11-1-0\" class=\"so-panel widget widget_text panel-first-child panel-last-child\" data-index=\"29\" >\t\t\t<div class=\"textwidget\">Aqui teneis un mapa m\u00e1s explicativo de como llegar al Parqueminuaturas. \nLas flechas indican Villasudores. De este modo nadie se perder\u00e1\u00a1\u00a1\u00a1\u00a1<\/div>\n\t\t<\/div><\/div><\/div><div id=\"pg-1015-12\"  class=\"panel-grid panel-no-style\" ><div id=\"pgc-1015-12-0\"  class=\"panel-grid-cell\" ><div id=\"panel-1015-12-0-0\" class=\"so-panel widget widget_sow-image panel-first-child panel-last-child\" data-index=\"30\" ><div\n\t\t\t\n\t\t\tclass=\"so-widget-sow-image so-widget-sow-image-default-8b5b6f678277-1015\"\n\t\t\t\n\t\t>\n<div class=\"sow-image-container\">\n\t\t\t<a href=\"http:\/\/www.historiasdeluz.es\/con-luz-propia\/en-el-turismo\/noticias-andalucia-patrimonio-parque-miniaturas\"\n\t\t\ttarget=\"_blank\" rel=\"noopener noreferrer\" \t\t>\n\t\t\t<img \n\tsrc=\"https:\/\/parqueminiaturasvillasudores.com\/wp-content\/uploads\/2015\/11\/Historias-de-Luz.gif\" width=\"300\" height=\"110\" sizes=\"(max-width: 300px) 100vw, 300px\" title=\"Historias de Luz\" alt=\"Historias de Luz\" \t\tclass=\"so-widget-image\"\/>\n\t\t\t<\/a><\/div>\n\n<\/div><\/div><\/div><div id=\"pgc-1015-12-1\"  class=\"panel-grid-cell\" ><div id=\"panel-1015-12-1-0\" class=\"so-panel widget widget_text panel-first-child panel-last-child\" data-index=\"31\" >\t\t\t<div class=\"textwidget\">\u2018Historias de Luz\u2018 es una agencia de noticias audiovisual  y realiz\u00f3 esta bonita entrevista en Villasudores el pasado 23 de Octubre, con el titular : Juan Berm\u00fadez, Andaluc\u00eda y su patrimonio en un parque de miniaturas hechas a mano<\/div>\n\t\t<\/div><\/div><\/div><div id=\"pg-1015-13\"  class=\"panel-grid panel-no-style\" ><div id=\"pgc-1015-13-0\"  class=\"panel-grid-cell\" ><div id=\"panel-1015-13-0-0\" class=\"so-panel widget widget_sow-image panel-first-child panel-last-child\" data-index=\"32\" ><div\n\t\t\t\n\t\t\tclass=\"so-widget-sow-image so-widget-sow-image-default-6ec9e3772f75-1015\"\n\t\t\t\n\t\t>\n<div class=\"sow-image-container\">\n\t\t\t<a href=\"http:\/\/huelvaexperiences.com\/blog\/8\/12-rincones-de-huelva-que-quiza-aun-no-conocias\"\n\t\t\ttarget=\"_blank\" rel=\"noopener noreferrer\" \t\t>\n\t\t\t<img \n\tsrc=\"https:\/\/parqueminiaturasvillasudores.com\/wp-content\/uploads\/2015\/11\/huelva-experience-300x173.gif\" width=\"300\" height=\"173\" sizes=\"(max-width: 300px) 100vw, 300px\" title=\"Huelva Experiences\" alt=\"Huelva Experiences\" \t\tclass=\"so-widget-image\"\/>\n\t\t\t<\/a><\/div>\n\n<\/div><\/div><\/div><div id=\"pgc-1015-13-1\"  class=\"panel-grid-cell\" ><div id=\"panel-1015-13-1-0\" class=\"so-panel widget widget_text panel-first-child panel-last-child\" data-index=\"33\" >\t\t\t<div class=\"textwidget\">Huelva Experiences, incluye a  Villasudores como una de los 12 rincones de Huelva que quiz\u00e1 a\u00fan no conoc\u00edas. Fue  pasado 5 de noviembre en su blog . Gracias Huelva Experience por el art\u00edculo que dedica a Villadusores\u00a1\u00a1\u00a1\u00a1\u00a1\n<\/div>\n\t\t<\/div><\/div><\/div><div id=\"pg-1015-14\"  class=\"panel-grid panel-no-style\" ><div id=\"pgc-1015-14-0\"  class=\"panel-grid-cell\" ><div id=\"panel-1015-14-0-0\" class=\"so-panel widget widget_sow-image panel-first-child panel-last-child\" data-index=\"34\" ><div\n\t\t\t\n\t\t\tclass=\"so-widget-sow-image so-widget-sow-image-default-6ec9e3772f75-1015\"\n\t\t\t\n\t\t>\n<div class=\"sow-image-container\">\n\t\t\t<a href=\"http:\/\/huelvabuenasnoticias.com\/2015\/09\/27\/juan-bermudez-mas-una-decada-reproduciendo-a-escala-los-edificios-mas-emblematicos-de-andalucia\/\"\n\t\t\ttarget=\"_blank\" rel=\"noopener noreferrer\" \t\t>\n\t\t\t<img \n\tsrc=\"https:\/\/parqueminiaturasvillasudores.com\/wp-content\/uploads\/2015\/10\/huevabuenasnoticias.jpg\" width=\"300\" height=\"100\" sizes=\"(max-width: 300px) 100vw, 300px\" title=\"Huelva buenas noticias\" alt=\"Huelva buenas noticias\" \t\tclass=\"so-widget-image\"\/>\n\t\t\t<\/a><\/div>\n\n<\/div><\/div><\/div><div id=\"pgc-1015-14-1\"  class=\"panel-grid-cell\" ><div id=\"panel-1015-14-1-0\" class=\"so-panel widget widget_text panel-first-child panel-last-child\" data-index=\"35\" >\t\t\t<div class=\"textwidget\">Huelva buenas noticias dedic\u00f3 el pasado domingo 27 de septiembre un reportaje sobre nuestro parque, con el t\u00edtulo  \"Juan Berm\u00fadez, m\u00e1s  de una d\u00e9cada reproduciendo a escala los edificios m\u00e1s emblem\u00e1ticos de Andaluc\u00eda\". Gracias.<\/div>\n\t\t<\/div><\/div><\/div><div id=\"pg-1015-15\"  class=\"panel-grid panel-no-style\" ><div id=\"pgc-1015-15-0\"  class=\"panel-grid-cell\" ><div id=\"panel-1015-15-0-0\" class=\"so-panel widget widget_sow-image panel-first-child panel-last-child\" data-index=\"36\" ><div\n\t\t\t\n\t\t\tclass=\"so-widget-sow-image so-widget-sow-image-default-8b5b6f678277-1015\"\n\t\t\t\n\t\t>\n<div class=\"sow-image-container\">\n\t\t\t<a href=\"https:\/\/parqueminiaturasvillasudores.com\/?p=778\"\n\t\t\ttarget=\"_blank\" rel=\"noopener noreferrer\" \t\t>\n\t\t\t<img \n\tsrc=\"http:\/\/parqueminiaturasvillasudores.com\/wp-content\/uploads\/2014\/09\/Montaje2.jpg\" title=\"Noticias\" alt=\"\" \t\tclass=\"so-widget-image\"\/>\n\t\t\t<\/a><\/div>\n\n<\/div><\/div><\/div><div id=\"pgc-1015-15-1\"  class=\"panel-grid-cell\" ><div id=\"panel-1015-15-1-0\" class=\"so-panel widget widget_text panel-first-child panel-last-child\" data-index=\"37\" >\t\t\t<div class=\"textwidget\">En  Junio del 2014 se est\u00e1 llevando a cabo la construcci\u00f3n de la Mezquita de C\u00f3rdoba. Parte de la sala Haram, un espacio de 8x5 columnas con sus respectivos arcos.<\/div>\n\t\t<\/div><\/div><\/div><div id=\"pg-1015-16\"  class=\"panel-grid panel-no-style\" ><div id=\"pgc-1015-16-0\"  class=\"panel-grid-cell\" ><div id=\"panel-1015-16-0-0\" class=\"so-panel widget widget_sow-image panel-first-child panel-last-child\" data-index=\"38\" ><div\n\t\t\t\n\t\t\tclass=\"so-widget-sow-image so-widget-sow-image-default-8b5b6f678277-1015\"\n\t\t\t\n\t\t>\n<div class=\"sow-image-container\">\n\t\t\t<a href=\"http:\/\/alacarta.canalsur.es\/television\/video\/gibraleon\/1817621\/267\"\n\t\t\ttarget=\"_blank\" rel=\"noopener noreferrer\" \t\t>\n\t\t\t<img \n\tsrc=\"http:\/\/parqueminiaturasvillasudores.com\/wp-content\/uploads\/2014\/04\/este-es-mi-pueblo2.jpg\" title=\"Noticias\" alt=\"\" \t\tclass=\"so-widget-image\"\/>\n\t\t\t<\/a><\/div>\n\n<\/div><\/div><\/div><div id=\"pgc-1015-16-1\"  class=\"panel-grid-cell\" ><div id=\"panel-1015-16-1-0\" class=\"so-panel widget widget_text panel-first-child panel-last-child\" data-index=\"39\" >\t\t\t<div class=\"textwidget\">Como no pod\u00eda ser menos, en Este Es Mi Pueblo <strong>\"Gibrale\u00f3n\"<\/strong>, tambi\u00e9n podemos ver las minuaturas de Villasudores. El enlace te muestran la entrevista que Rafael Cremades realiza a Juan Berm\u00fadez (minuto 39:05).<\/p><\/div>\n\t\t<\/div><\/div><\/div><div id=\"pg-1015-17\"  class=\"panel-grid panel-no-style\" ><div id=\"pgc-1015-17-0\"  class=\"panel-grid-cell\" ><div id=\"panel-1015-17-0-0\" class=\"so-panel widget widget_sow-image panel-first-child panel-last-child\" data-index=\"40\" ><div\n\t\t\t\n\t\t\tclass=\"so-widget-sow-image so-widget-sow-image-default-8b5b6f678277-1015\"\n\t\t\t\n\t\t>\n<div class=\"sow-image-container\">\n\t\t\t<a href=\"http:\/\/www.rtve.es\/alacarta\/videos\/espana-directo\/espana-directo-12-03-14\/2443928\/\"\n\t\t\ttarget=\"_blank\" rel=\"noopener noreferrer\" \t\t>\n\t\t\t<img \n\tsrc=\"http:\/\/parqueminiaturasvillasudores.com\/wp-content\/uploads\/2014\/09\/ED2.jpg\" title=\"Noticias\" alt=\"\" \t\tclass=\"so-widget-image\"\/>\n\t\t\t<\/a><\/div>\n\n<\/div><\/div><\/div><div id=\"pgc-1015-17-1\"  class=\"panel-grid-cell\" ><div id=\"panel-1015-17-1-0\" class=\"so-panel widget widget_text panel-first-child panel-last-child\" data-index=\"41\" >\t\t\t<div class=\"textwidget\">El 12 de Marzo del 2014 en Villasudores <em><strong>Espa\u00f1a Directo<\/strong><\/em>. En este enlaces puedes verlo a partir del minuto 01:21:00.<\/div>\n\t\t<\/div><\/div><\/div><div id=\"pg-1015-18\"  class=\"panel-grid panel-no-style\" ><div id=\"pgc-1015-18-0\"  class=\"panel-grid-cell\" ><div id=\"panel-1015-18-0-0\" class=\"so-panel widget widget_sow-image panel-first-child\" data-index=\"42\" ><div\n\t\t\t\n\t\t\tclass=\"so-widget-sow-image so-widget-sow-image-default-8b5b6f678277-1015\"\n\t\t\t\n\t\t>\n<div class=\"sow-image-container\">\n\t\t\t<a href=\"http:\/\/alacarta.canalsur.es\/television\/video\/lunes-3-de-marzo\/1172350\/13\"\n\t\t\ttarget=\"_blank\" rel=\"noopener noreferrer\" \t\t>\n\t\t\t<img \n\tsrc=\"http:\/\/parqueminiaturasvillasudores.com\/wp-content\/uploads\/2015\/05\/Andalucia-Directo.jpg\" title=\"Noticias\" alt=\"\" \t\tclass=\"so-widget-image\"\/>\n\t\t\t<\/a><\/div>\n\n<\/div><\/div><div id=\"panel-1015-18-0-1\" class=\"so-panel widget widget_sow-image panel-last-child\" data-index=\"43\" ><div\n\t\t\t\n\t\t\tclass=\"so-widget-sow-image so-widget-sow-image-default-8b5b6f678277-1015\"\n\t\t\t\n\t\t>\n<div class=\"sow-image-container\">\n\t\t\t<a href=\"http:\/\/parqueminiaturasvillasudores.com\/wp-content\/uploads\/2014\/04\/MONUMENTOS.OK_.wmv\"\n\t\t\ttarget=\"_blank\" rel=\"noopener noreferrer\" \t\t>\n\t\t\t<img \n\tsrc=\"https:\/\/parqueminiaturasvillasudores.com\/wp-content\/uploads\/2015\/06\/Directo-telecincoes_MDSIMA20111027_0289_1.png\" width=\"259\" height=\"143\" sizes=\"(max-width: 259px) 100vw, 259px\" title=\"informativos telecinco\" alt=\"informativos telecinco\" \t\tclass=\"so-widget-image\"\/>\n\t\t\t<\/a><\/div>\n\n<\/div><\/div><\/div><div id=\"pgc-1015-18-1\"  class=\"panel-grid-cell\" ><div id=\"panel-1015-18-1-0\" class=\"so-panel widget widget_text panel-first-child\" data-index=\"44\" >\t\t\t<div class=\"textwidget\">Andaluc\u00eda Directo<\/strong> <\/em>visit\u00f3 Villasudores el 3 de Marzo del 2014. Puedes ver la visita en este enlace, recuerda que comienza en el minuto 31:55.<\/div>\n\t\t<\/div><div id=\"panel-1015-18-1-1\" class=\"so-panel widget widget_text panel-last-child\" data-index=\"45\" >\t\t\t<div class=\"textwidget\">En este enlace puedes ver un v\u00eddeo realizado por <em><strong>Telecinco<\/strong><\/em> en el mes de Marzo del 2014. Destaca que los monumentos a escala se realizan sin planos, solo siguiendo fotograf\u00edas.\n<\/div>\n\t\t<\/div><\/div><\/div><div id=\"pg-1015-19\"  class=\"panel-grid panel-no-style\" ><div id=\"pgc-1015-19-0\"  class=\"panel-grid-cell\" ><div id=\"panel-1015-19-0-0\" class=\"so-panel widget widget_sow-image panel-first-child panel-last-child\" data-index=\"46\" ><div\n\t\t\t\n\t\t\tclass=\"so-widget-sow-image so-widget-sow-image-default-8b5b6f678277-1015\"\n\t\t\t\n\t\t>\n<div class=\"sow-image-container\">\n\t\t\t<a href=\"https:\/\/youtu.be\/5SH49igYbD4\"\n\t\t\ttarget=\"_blank\" rel=\"noopener noreferrer\" \t\t>\n\t\t\t<img \n\tsrc=\"http:\/\/parqueminiaturasvillasudores.com\/wp-content\/uploads\/2014\/04\/Canal-Costa.jpg\" title=\"Noticias\" alt=\"\" \t\tclass=\"so-widget-image\"\/>\n\t\t\t<\/a><\/div>\n\n<\/div><\/div><\/div><div id=\"pgc-1015-19-1\"  class=\"panel-grid-cell\" ><div id=\"panel-1015-19-1-0\" class=\"so-panel widget widget_text panel-first-child panel-last-child\" data-index=\"47\" >\t\t\t<div class=\"textwidget\"><strong>Canal Costa<\/strong> realiz\u00f3 un amplio reportaje en <strong>Junio del 2012<\/strong>, donde destacan las miniaturas del pueblo de <strong>Gibrale\u00f3n (Iglesia del Carmen y Puerta de la Guardia Civil) <\/strong>en este enlace lo puedes ver\n\n<\/div>\n\t\t<\/div><\/div><\/div><div id=\"pg-1015-20\"  class=\"panel-grid panel-no-style\" ><div id=\"pgc-1015-20-0\"  class=\"panel-grid-cell\" ><div id=\"panel-1015-20-0-0\" class=\"so-panel widget widget_sow-image panel-first-child panel-last-child\" data-index=\"48\" ><div\n\t\t\t\n\t\t\tclass=\"so-widget-sow-image so-widget-sow-image-default-8b5b6f678277-1015\"\n\t\t\t\n\t\t>\n<div class=\"sow-image-container\">\n\t\t\t<a href=\"https:\/\/www.youtube.com\/watch?v=OnBi9EritbE&#038;feature=youtu.be\"\n\t\t\ttarget=\"_blank\" rel=\"noopener noreferrer\" \t\t>\n\t\t\t<img \n\tsrc=\"http:\/\/parqueminiaturasvillasudores.com\/wp-content\/uploads\/2014\/04\/Noticias-CNH.png\" title=\"Noticias\" alt=\"\" \t\tclass=\"so-widget-image\"\/>\n\t\t\t<\/a><\/div>\n\n<\/div><\/div><\/div><div id=\"pgc-1015-20-1\"  class=\"panel-grid-cell\" ><div id=\"panel-1015-20-1-0\" class=\"so-panel widget widget_text panel-first-child panel-last-child\" data-index=\"49\" >\t\t\t<div class=\"textwidget\">En <strong>Marzo del 2012<\/strong> visit\u00f3 Villasudores el <strong>canal CNH<\/strong>, os mostramos en este enlace el reportaje. Juan, comenta que su pr\u00f3ximo trabajo ser\u00e1 la <strong>Torre del Oro<\/strong>.<\/div>\n\t\t<\/div><\/div><\/div><div id=\"pg-1015-21\"  class=\"panel-grid panel-no-style\" ><div id=\"pgc-1015-21-0\"  class=\"panel-grid-cell\" ><div id=\"panel-1015-21-0-0\" class=\"so-panel widget widget_sow-image panel-first-child panel-last-child\" data-index=\"50\" ><div\n\t\t\t\n\t\t\tclass=\"so-widget-sow-image so-widget-sow-image-default-8b5b6f678277-1015\"\n\t\t\t\n\t\t>\n<div class=\"sow-image-container\">\n\t\t\t<a href=\"https:\/\/www.youtube.com\/watch?v=K7jjjTDQKZk\"\n\t\t\ttarget=\"_blank\" rel=\"noopener noreferrer\" \t\t>\n\t\t\t<img \n\tsrc=\"http:\/\/parqueminiaturasvillasudores.com\/wp-content\/uploads\/2014\/04\/Paseandoporandalucia.jpg\" title=\"Noticias\" alt=\"\" \t\tclass=\"so-widget-image\"\/>\n\t\t\t<\/a><\/div>\n\n<\/div><\/div><\/div><div id=\"pgc-1015-21-1\"  class=\"panel-grid-cell\" ><div id=\"panel-1015-21-1-0\" class=\"so-panel widget widget_text panel-first-child panel-last-child\" data-index=\"51\" >\t\t\t<div class=\"textwidget\">En <strong>Enero del 2010<\/strong> visit\u00f3 Villasudores <em>Francisco Javier Arranz<\/em> y realiz\u00f3 este bonito v\u00eddeo sobre las miniaturas. En \u00e9l se destacan <strong>La Maestranza, La iglesia convento, La Giralda y El Patio de los Leones<\/strong>.<\/div>\n\t\t<\/div><\/div><\/div><\/div>","protected":false},"excerpt":{"rendered":"<p>Granada Hoy, peri\u00f3dico digital de la provincia de Granada ha publicado un reportage sobre Villasudores el 24 de octubre del 2025, pod\u00e9\u00eds leerlo en este enlace. Gracias Granada Hoy. &nbsp; <a class=\"more-link\" href=\"https:\/\/parqueminiaturasvillasudores.com\/?page_id=1015\">Continue Reading &rarr;<\/a><\/p>\n","protected":false},"author":1,"featured_media":0,"parent":1073,"menu_order":0,"comment_status":"closed","ping_status":"closed","template":"","meta":{"footnotes":""},"class_list":["post-1015","page","type-page","status-publish","hentry"],"aioseo_notices":[],"_links":{"self":[{"href":"https:\/\/parqueminiaturasvillasudores.com\/index.php?rest_route=\/wp\/v2\/pages\/1015"}],"collection":[{"href":"https:\/\/parqueminiaturasvillasudores.com\/index.php?rest_route=\/wp\/v2\/pages"}],"about":[{"href":"https:\/\/parqueminiaturasvillasudores.com\/index.php?rest_route=\/wp\/v2\/types\/page"}],"author":[{"embeddable":true,"href":"https:\/\/parqueminiaturasvillasudores.com\/index.php?rest_route=\/wp\/v2\/users\/1"}],"replies":[{"embeddable":true,"href":"https:\/\/parqueminiaturasvillasudores.com\/index.php?rest_route=%2Fwp%2Fv2%2Fcomments&post=1015"}],"version-history":[{"count":162,"href":"https:\/\/parqueminiaturasvillasudores.com\/index.php?rest_route=\/wp\/v2\/pages\/1015\/revisions"}],"predecessor-version":[{"id":1819,"href":"https:\/\/parqueminiaturasvillasudores.com\/index.php?rest_route=\/wp\/v2\/pages\/1015\/revisions\/1819"}],"up":[{"embeddable":true,"href":"https:\/\/parqueminiaturasvillasudores.com\/index.php?rest_route=\/wp\/v2\/pages\/1073"}],"wp:attachment":[{"href":"https:\/\/parqueminiaturasvillasudores.com\/index.php?rest_route=%2Fwp%2Fv2%2Fmedia&parent=1015"}],"curies":[{"name":"wp","href":"https:\/\/api.w.org\/{rel}","templated":true}]}}